{"id":1066,"date":"2017-08-21T10:12:41","date_gmt":"2017-08-21T10:12:41","guid":{"rendered":"http:\/\/meyland.be\/fr\/divisions\/meyland_agro\/silos-cordoba\/"},"modified":"2025-05-26T09:18:53","modified_gmt":"2025-05-26T09:18:53","slug":"obial","status":"publish","type":"page","link":"https:\/\/meyland.be\/fr\/divisions\/meyland_agro\/obial\/","title":{"rendered":"Obial"},"content":{"rendered":"<div class=\"wpb-content-wrapper\">[vc_row top=\u00a0\u00bb0&Prime;][vc_column][vc_single_image image=\u00a0\u00bb1148&Prime; img_size=\u00a0\u00bbfull\u00a0\u00bb alignment=\u00a0\u00bbcenter\u00a0\u00bb][vc_row_inner][vc_column_inner width=\u00a0\u00bb1\/2&Prime; css=\u00a0\u00bb.vc_custom_1503325389961{margin-top: 20px !important;}\u00a0\u00bb][vc_column_text css=\u00a0\u00bb\u00a0\u00bb]\n<h1>L&rsquo;ENTREPRISE<\/h1>\n<p>Obial est un important fabricant dans le domaine des technologies de stockage du grain.<\/p>\n<p>Obial est une soci\u00e9t\u00e9 internationale de premier plan dans le domaine des technologies de stockage du grain. L&rsquo;entreprise offre la meilleure qualit\u00e9 \u00e0 des prix raisonnables.[\/vc_column_text][vc_empty_space][\/vc_column_inner][vc_column_inner width=\u00a0\u00bb1\/2&Prime; css=\u00a0\u00bb.vc_custom_1503325521174{margin-top: 20px !important;}\u00a0\u00bb][vc_single_image image=\u00a0\u00bb1139&Prime; img_size=\u00a0\u00bbfull\u00a0\u00bb alignment=\u00a0\u00bbcenter\u00a0\u00bb][\/vc_column_inner][\/vc_row_inner][vc_column_text]Une br\u00e8ve pr\u00e9sentation des produits peut \u00eatre trouv\u00e9e plus loin sur cette page.<br \/>\nPour une description d\u00e9taill\u00e9e, veuillez visiter <a href=\"http:\/\/www.obial.com.tr\/en\/\" target=\"_blank\" rel=\"noopener\">le site d&rsquo;Obial<\/a>.<\/p>\n[\/vc_column_text][vc_tta_accordion style=\u00a0\u00bbmodern\u00a0\u00bb active_section=\u00a0\u00bb\u00a0\u00bb collapsible_all=\u00a0\u00bbtrue\u00a0\u00bb css=\u00a0\u00bb.vc_custom_1503325824618{margin-top: 32px !important;margin-right: 15% !important;margin-left: 15% !important;}\u00a0\u00bb][vc_tta_section title=\u00a0\u00bbSilos \u00e0 fond plat\u00a0\u00bb tab_id=\u00a0\u00bb1503307329253-06203b7f-084c\u00a0\u00bb][vc_column_text]\n<ul>\n<li>Diam\u00e8tre:\u00a0 \u00a04,51 m \u00e0 31,60 m<\/li>\n<li>Capacit\u00e9:\u00a0 \u00a0 50 tonnes \u00e0 15 000 tonnes<\/li>\n<\/ul>\n<p>&nbsp;<\/p>\n<p><img decoding=\"async\" class=\"size-medium wp-image-1140 alignleft lazyload\" data-src=\"https:\/\/meyland.be\/wp-content\/uploads\/2017\/08\/vlaksilo_obial_1-300x225.jpg\" alt=\"vlaksilo_obial_1\" width=\"300\" height=\"225\" data-srcset=\"https:\/\/meyland.be\/wp-content\/uploads\/2017\/08\/vlaksilo_obial_1-300x225.jpg 300w, https:\/\/meyland.be\/wp-content\/uploads\/2017\/08\/vlaksilo_obial_1.jpg 600w\" data-sizes=\"(max-width: 300px) 100vw, 300px\" src=\"data:image\/gif;base64,R0lGODlhAQABAAAAACH5BAEKAAEALAAAAAABAAEAAAICTAEAOw==\" style=\"--smush-placeholder-width: 300px; --smush-placeholder-aspect-ratio: 300\/225;\" \/>[\/vc_column_text][\/vc_tta_section][vc_tta_section title=\u00a0\u00bbSilos \u00e0 fond conique\u00a0\u00bb tab_id=\u00a0\u00bb1503307329340-2fd95995-a0d6&Prime;][vc_column_text]\n<ul>\n<li>C\u00f4ne: 45 \u00b0 &#8211; 65 \u00b0, selon les caract\u00e9ristiques du grain utilis\u00e9<\/li>\n<\/ul>\n<ul>\n<li>Diam\u00e8tre: 2,11 m \u00e0 10,83 m<\/li>\n<li>Capacit\u00e9:\u00a0 5 tonnes \u00e0 1 600 tonnes<\/li>\n<\/ul>\n<p>&nbsp;<\/p>\n<p><img decoding=\"async\" class=\"size-medium wp-image-1142 alignleft lazyload\" data-src=\"https:\/\/meyland.be\/wp-content\/uploads\/2017\/08\/silo_cone_obial_1-300x225.jpg\" alt=\"silo_cone_obial_1\" width=\"300\" height=\"225\" data-srcset=\"https:\/\/meyland.be\/wp-content\/uploads\/2017\/08\/silo_cone_obial_1-300x225.jpg 300w, https:\/\/meyland.be\/wp-content\/uploads\/2017\/08\/silo_cone_obial_1.jpg 600w\" data-sizes=\"(max-width: 300px) 100vw, 300px\" src=\"data:image\/gif;base64,R0lGODlhAQABAAAAACH5BAEKAAEALAAAAAABAAEAAAICTAEAOw==\" style=\"--smush-placeholder-width: 300px; --smush-placeholder-aspect-ratio: 300\/225;\" \/>[\/vc_column_text][\/vc_tta_section][vc_tta_section title=\u00a0\u00bbBoisseaux de chargement\u00a0\u00bb tab_id=\u00a0\u00bb1503307485300-e8535257-2f58&Prime;][vc_column_text]Chez Obial, vous pouvez trouver des solutions pour le chargement des camions.<\/p>\n<p><img decoding=\"async\" class=\"size-medium wp-image-1154 alignleft lazyload\" data-src=\"https:\/\/meyland.be\/wp-content\/uploads\/2017\/08\/vrachtwagenbelading_obial_2-289x300.png\" alt=\"vrachtwagenbelading_obial_2\" width=\"289\" height=\"300\" data-srcset=\"https:\/\/meyland.be\/wp-content\/uploads\/2017\/08\/vrachtwagenbelading_obial_2-289x300.png 289w, https:\/\/meyland.be\/wp-content\/uploads\/2017\/08\/vrachtwagenbelading_obial_2.png 644w\" data-sizes=\"(max-width: 289px) 100vw, 289px\" src=\"data:image\/gif;base64,R0lGODlhAQABAAAAACH5BAEKAAEALAAAAAABAAEAAAICTAEAOw==\" style=\"--smush-placeholder-width: 289px; --smush-placeholder-aspect-ratio: 289\/300;\" \/>[\/vc_column_text][\/vc_tta_section][vc_tta_section title=\u00a0\u00bbSilos ferme\u00a0\u00bb tab_id=\u00a0\u00bb1503307515606-552b4f08-5b4e\u00a0\u00bb][vc_column_text]<img decoding=\"async\" class=\"size-medium wp-image-1150 lazyload\" data-src=\"https:\/\/meyland.be\/wp-content\/uploads\/2017\/08\/landbouwsilo_obial_1-300x225.jpg\" alt=\"\" width=\"300\" height=\"225\" data-srcset=\"https:\/\/meyland.be\/wp-content\/uploads\/2017\/08\/landbouwsilo_obial_1-300x225.jpg 300w, https:\/\/meyland.be\/wp-content\/uploads\/2017\/08\/landbouwsilo_obial_1.jpg 600w\" data-sizes=\"(max-width: 300px) 100vw, 300px\" src=\"data:image\/gif;base64,R0lGODlhAQABAAAAACH5BAEKAAEALAAAAAABAAEAAAICTAEAOw==\" style=\"--smush-placeholder-width: 300px; --smush-placeholder-aspect-ratio: 300\/225;\" \/>[\/vc_column_text][\/vc_tta_section][vc_tta_section title=\u00a0\u00bbConvoyeurs \u00e0 bande\u00a0\u00bb tab_id=\u00a0\u00bb1503307580026-715c0488-fef0&Prime;][vc_column_text]<img decoding=\"async\" class=\"size-medium wp-image-1153 alignleft lazyload\" data-src=\"https:\/\/meyland.be\/wp-content\/uploads\/2017\/08\/transportband_obial_1-300x200.jpeg\" alt=\"transportband_obial_1\" width=\"300\" height=\"200\" data-srcset=\"https:\/\/meyland.be\/wp-content\/uploads\/2017\/08\/transportband_obial_1-300x200.jpeg 300w, https:\/\/meyland.be\/wp-content\/uploads\/2017\/08\/transportband_obial_1.jpeg 301w\" data-sizes=\"(max-width: 300px) 100vw, 300px\" src=\"data:image\/gif;base64,R0lGODlhAQABAAAAACH5BAEKAAEALAAAAAABAAEAAAICTAEAOw==\" style=\"--smush-placeholder-width: 300px; --smush-placeholder-aspect-ratio: 300\/200;\" \/>[\/vc_column_text][\/vc_tta_section][vc_tta_section title=\u00a0\u00bb\u00c9l\u00e9vateurs\u00a0\u00bb tab_id=\u00a0\u00bb1503307582219-93eba4f9-f462&Prime;][vc_column_text]\n<ul>\n<li>Capacit\u00e9: 20 T\/h \u00e0 600 T\/h<\/li>\n<\/ul>\n<p>&nbsp;<\/p>\n<p><img decoding=\"async\" class=\"size-medium wp-image-1144 alignleft lazyload\" data-src=\"https:\/\/meyland.be\/wp-content\/uploads\/2017\/08\/elevator_obial_1-200x300.jpg\" alt=\"elevator_obial_1\" width=\"200\" height=\"300\" data-srcset=\"https:\/\/meyland.be\/wp-content\/uploads\/2017\/08\/elevator_obial_1-200x300.jpg 200w, https:\/\/meyland.be\/wp-content\/uploads\/2017\/08\/elevator_obial_1.jpg 400w\" data-sizes=\"(max-width: 200px) 100vw, 200px\" src=\"data:image\/gif;base64,R0lGODlhAQABAAAAACH5BAEKAAEALAAAAAABAAEAAAICTAEAOw==\" style=\"--smush-placeholder-width: 200px; --smush-placeholder-aspect-ratio: 200\/300;\" \/>[\/vc_column_text][\/vc_tta_section][vc_tta_section title=\u00a0\u00bbConvoyeurs \u00e0 vis\u00a0\u00bb tab_id=\u00a0\u00bb1503307633185-af1a6bcc-cd4a\u00a0\u00bb][vc_column_text]<img decoding=\"async\" class=\"size-medium wp-image-1152 alignleft lazyload\" data-src=\"https:\/\/meyland.be\/wp-content\/uploads\/2017\/08\/schroef_obial_1-300x188.jpg\" alt=\"schroef_obial_1\" width=\"300\" height=\"188\" data-srcset=\"https:\/\/meyland.be\/wp-content\/uploads\/2017\/08\/schroef_obial_1-300x188.jpg 300w, https:\/\/meyland.be\/wp-content\/uploads\/2017\/08\/schroef_obial_1.jpg 600w\" data-sizes=\"(max-width: 300px) 100vw, 300px\" src=\"data:image\/gif;base64,R0lGODlhAQABAAAAACH5BAEKAAEALAAAAAABAAEAAAICTAEAOw==\" style=\"--smush-placeholder-width: 300px; --smush-placeholder-aspect-ratio: 300\/188;\" \/>[\/vc_column_text][\/vc_tta_section][vc_tta_section title=\u00a0\u00bbConvoyeurs \u00e0 cha\u00eene\u00a0\u00bb tab_id=\u00a0\u00bb1503307634418-9eff4ac9-2b8b\u00a0\u00bb][vc_column_text]\n<ul>\n<li>Capacit\u00e9: 45 T\/h \u00e0 500 T\/h<\/li>\n<\/ul>\n<p>&nbsp;<\/p>\n<p><img decoding=\"async\" class=\"size-medium wp-image-1151 alignleft lazyload\" data-src=\"https:\/\/meyland.be\/wp-content\/uploads\/2017\/08\/kettingtransport_obial_1-300x200.jpg\" alt=\"kettingtransport_obial_1\" width=\"300\" height=\"200\" data-srcset=\"https:\/\/meyland.be\/wp-content\/uploads\/2017\/08\/kettingtransport_obial_1-300x200.jpg 300w, https:\/\/meyland.be\/wp-content\/uploads\/2017\/08\/kettingtransport_obial_1.jpg 600w\" data-sizes=\"(max-width: 300px) 100vw, 300px\" src=\"data:image\/gif;base64,R0lGODlhAQABAAAAACH5BAEKAAEALAAAAAABAAEAAAICTAEAOw==\" style=\"--smush-placeholder-width: 300px; --smush-placeholder-aspect-ratio: 300\/200;\" \/>[\/vc_column_text][\/vc_tta_section][vc_tta_section title=\u00a0\u00bbAutomatisation, surveillance de la temp\u00e9rature, gestion\u00a0\u00bb tab_id=\u00a0\u00bb1503307690805-ff63ec31-9729&Prime;][vc_column_text]Gr\u00e2ce au logiciel d\u00e9velopp\u00e9 sur mesure pour chaque projet, les erreurs \u00e9ventuelles sont rapidement d\u00e9tect\u00e9es. L&rsquo;ensemble du syst\u00e8me de contr\u00f4le est contr\u00f4l\u00e9 et g\u00e9r\u00e9 \u00e0 partir d&rsquo;un point central. L&rsquo;op\u00e9rateur est alert\u00e9 par le syst\u00e8me et inform\u00e9 de la position exacte de l&rsquo;erreur.<\/p>\n<p><img decoding=\"async\" class=\"size-medium wp-image-1147 alignleft lazyload\" data-src=\"https:\/\/meyland.be\/wp-content\/uploads\/2017\/08\/controlesysteem_obial_1-300x200.jpg\" alt=\"controlesysteem_obial_1\" width=\"300\" height=\"200\" data-srcset=\"https:\/\/meyland.be\/wp-content\/uploads\/2017\/08\/controlesysteem_obial_1-300x200.jpg 300w, https:\/\/meyland.be\/wp-content\/uploads\/2017\/08\/controlesysteem_obial_1.jpg 600w\" data-sizes=\"(max-width: 300px) 100vw, 300px\" src=\"data:image\/gif;base64,R0lGODlhAQABAAAAACH5BAEKAAEALAAAAAABAAEAAAICTAEAOw==\" style=\"--smush-placeholder-width: 300px; --smush-placeholder-aspect-ratio: 300\/200;\" \/>[\/vc_column_text][\/vc_tta_section][vc_tta_section title=\u00a0\u00bbCl\u00e9 en main projets\u00a0\u00bb tab_id=\u00a0\u00bb1503307691958-991ed50b-2d32&Prime;][vc_column_text]<img decoding=\"async\" class=\"size-medium wp-image-1155 alignleft lazyload\" data-src=\"https:\/\/meyland.be\/wp-content\/uploads\/2017\/08\/project_obial-300x187.jpeg\" alt=\"project_obial\" width=\"300\" height=\"187\" data-srcset=\"https:\/\/meyland.be\/wp-content\/uploads\/2017\/08\/project_obial-300x187.jpeg 300w, https:\/\/meyland.be\/wp-content\/uploads\/2017\/08\/project_obial-768x480.jpeg 768w, https:\/\/meyland.be\/wp-content\/uploads\/2017\/08\/project_obial.jpeg 909w\" data-sizes=\"(max-width: 300px) 100vw, 300px\" src=\"data:image\/gif;base64,R0lGODlhAQABAAAAACH5BAEKAAEALAAAAAABAAEAAAICTAEAOw==\" style=\"--smush-placeholder-width: 300px; --smush-placeholder-aspect-ratio: 300\/187;\" \/>[\/vc_column_text][\/vc_tta_section][vc_tta_section title=\u00a0\u00bbS\u00e9choirs \u00e0 grains\u00a0\u00bb tab_id=\u00a0\u00bb1530537906279-b4e2d8a9-72e1&Prime;][vc_column_text]Tous les s\u00e9choirs disponibles fonctionnent selon le principe suivant:<\/p>\n<ol>\n<li>L&rsquo;air est aspir\u00e9 par un ventilateur<\/li>\n<li>Un m\u00e9lange de gaz de l&rsquo;installation et de l&rsquo;air est br\u00fbl\u00e9<\/li>\n<li>La chaleur g\u00e9n\u00e9r\u00e9e est achemin\u00e9e vers les canaux d&rsquo;air de la chambre de produit<\/li>\n<li>La chaleur est transf\u00e9r\u00e9e au produit<\/li>\n<li>L&rsquo;air circulant le long du produit r\u00e9duit l&rsquo;humidit\u00e9<\/li>\n<\/ol>\n<p>&nbsp;<\/p>\n<p><img decoding=\"async\" class=\"size-medium wp-image-1143 alignleft lazyload\" data-src=\"https:\/\/meyland.be\/wp-content\/uploads\/2017\/08\/graandroger_obial_1-250x300.jpg\" alt=\"graandroger_obial_1\" width=\"250\" height=\"300\" data-srcset=\"https:\/\/meyland.be\/wp-content\/uploads\/2017\/08\/graandroger_obial_1-250x300.jpg 250w, https:\/\/meyland.be\/wp-content\/uploads\/2017\/08\/graandroger_obial_1.jpg 600w\" data-sizes=\"(max-width: 250px) 100vw, 250px\" src=\"data:image\/gif;base64,R0lGODlhAQABAAAAACH5BAEKAAEALAAAAAABAAEAAAICTAEAOw==\" style=\"--smush-placeholder-width: 250px; --smush-placeholder-aspect-ratio: 250\/300;\" \/>[\/vc_column_text][\/vc_tta_section][\/vc_tta_accordion][\/vc_column][\/vc_row]\n<\/div>","protected":false},"excerpt":{"rendered":"<p>[vc_row top=\u00a0\u00bb0&Prime;][vc_column][vc_single_image image=\u00a0\u00bb1148&Prime; img_size=\u00a0\u00bbfull\u00a0\u00bb alignment=\u00a0\u00bbcenter\u00a0\u00bb][vc_row_inner][vc_column_inner width=\u00a0\u00bb1\/2&Prime; css=\u00a0\u00bb.vc_custom_1503325389961{margin-top: 20px !important;}\u00a0\u00bb][vc_column_text css=\u00a0\u00bb\u00a0\u00bb] L&rsquo;ENTREPRISE Obial est un important fabricant dans le domaine des technologies de stockage du grain. Obial est une soci\u00e9t\u00e9 internationale de premier plan dans le domaine des technologies de stockage du grain. L&rsquo;entreprise offre la meilleure qualit\u00e9 \u00e0 des prix raisonnables.[\/vc_column_text][vc_empty_space][\/vc_column_inner][vc_column_inner width=\u00a0\u00bb1\/2&Prime; css=\u00a0\u00bb.vc_custom_1503325521174{margin-top: 20px !important;}\u00a0\u00bb][vc_single_image [&hellip;]<\/p>\n","protected":false},"author":3,"featured_media":0,"parent":1053,"menu_order":0,"comment_status":"closed","ping_status":"closed","template":"","meta":{"inline_featured_image":false,"footnotes":""},"class_list":["post-1066","page","type-page","status-publish","hentry"],"yoast_head":"<!-- This site is optimized with the Yoast SEO plugin v25.1 - https:\/\/yoast.com\/wordpress\/plugins\/seo\/ -->\n<title>Obial: des technologies de stockage du grain | Meyland<\/title>\n<meta name=\"description\" content=\"Obial est une soci\u00e9t\u00e9 internationale de premier plan dans le domaine des technologies de stockage du grain.\" \/>\n<meta name=\"robots\" content=\"index, follow, max-snippet:-1, max-image-preview:large, max-video-preview:-1\" \/>\n<link rel=\"canonical\" href=\"https:\/\/meyland.be\/fr\/divisions\/meyland_agro\/obial\/\" \/>\n<meta property=\"og:locale\" content=\"fr_FR\" \/>\n<meta property=\"og:type\" content=\"article\" \/>\n<meta property=\"og:title\" content=\"Obial: des technologies de stockage du grain | Meyland\" \/>\n<meta property=\"og:description\" content=\"Obial est une soci\u00e9t\u00e9 internationale de premier plan dans le domaine des technologies de stockage du grain.\" \/>\n<meta property=\"og:url\" content=\"https:\/\/meyland.be\/fr\/divisions\/meyland_agro\/obial\/\" \/>\n<meta property=\"og:site_name\" content=\"Meyland N.V.\" \/>\n<meta property=\"article:publisher\" content=\"https:\/\/www.facebook.com\/MeylandNV\/\" \/>\n<meta property=\"article:modified_time\" content=\"2025-05-26T09:18:53+00:00\" \/>\n<meta property=\"og:image\" content=\"https:\/\/meyland.be\/wp-content\/uploads\/2017\/08\/vlaksilo_obial_1-300x225.jpg\" \/>\n<meta name=\"twitter:card\" content=\"summary_large_image\" \/>\n<meta name=\"twitter:label1\" content=\"Dur\u00e9e de lecture estim\u00e9e\" \/>\n\t<meta name=\"twitter:data1\" content=\"5 minutes\" \/>\n<script type=\"application\/ld+json\" class=\"yoast-schema-graph\">{\"@context\":\"https:\/\/schema.org\",\"@graph\":[{\"@type\":\"WebPage\",\"@id\":\"https:\/\/meyland.be\/fr\/divisions\/meyland_agro\/obial\/\",\"url\":\"https:\/\/meyland.be\/fr\/divisions\/meyland_agro\/obial\/\",\"name\":\"Obial: des technologies de stockage du grain | Meyland\",\"isPartOf\":{\"@id\":\"https:\/\/meyland.be\/#website\"},\"primaryImageOfPage\":{\"@id\":\"https:\/\/meyland.be\/fr\/divisions\/meyland_agro\/obial\/#primaryimage\"},\"image\":{\"@id\":\"https:\/\/meyland.be\/fr\/divisions\/meyland_agro\/obial\/#primaryimage\"},\"thumbnailUrl\":\"https:\/\/meyland.be\/wp-content\/uploads\/2017\/08\/vlaksilo_obial_1-300x225.jpg\",\"datePublished\":\"2017-08-21T10:12:41+00:00\",\"dateModified\":\"2025-05-26T09:18:53+00:00\",\"description\":\"Obial est une soci\u00e9t\u00e9 internationale de premier plan dans le domaine des technologies de stockage du grain.\",\"breadcrumb\":{\"@id\":\"https:\/\/meyland.be\/fr\/divisions\/meyland_agro\/obial\/#breadcrumb\"},\"inLanguage\":\"fr-FR\",\"potentialAction\":[{\"@type\":\"ReadAction\",\"target\":[\"https:\/\/meyland.be\/fr\/divisions\/meyland_agro\/obial\/\"]}]},{\"@type\":\"ImageObject\",\"inLanguage\":\"fr-FR\",\"@id\":\"https:\/\/meyland.be\/fr\/divisions\/meyland_agro\/obial\/#primaryimage\",\"url\":\"https:\/\/meyland.be\/wp-content\/uploads\/2017\/08\/vlaksilo_obial_1-300x225.jpg\",\"contentUrl\":\"https:\/\/meyland.be\/wp-content\/uploads\/2017\/08\/vlaksilo_obial_1-300x225.jpg\"},{\"@type\":\"BreadcrumbList\",\"@id\":\"https:\/\/meyland.be\/fr\/divisions\/meyland_agro\/obial\/#breadcrumb\",\"itemListElement\":[{\"@type\":\"ListItem\",\"position\":1,\"name\":\"Home\",\"item\":\"https:\/\/meyland.be\/fr\/\"},{\"@type\":\"ListItem\",\"position\":2,\"name\":\"Divisions\",\"item\":\"https:\/\/meyland.be\/divisies\/\"},{\"@type\":\"ListItem\",\"position\":3,\"name\":\"Meyland Agro\",\"item\":\"https:\/\/meyland.be\/fr\/divisions\/meyland_agro\/\"},{\"@type\":\"ListItem\",\"position\":4,\"name\":\"Obial\"}]},{\"@type\":\"WebSite\",\"@id\":\"https:\/\/meyland.be\/#website\",\"url\":\"https:\/\/meyland.be\/\",\"name\":\"Meyland N.V.\",\"description\":\"We make the goods move\",\"publisher\":{\"@id\":\"https:\/\/meyland.be\/#organization\"},\"potentialAction\":[{\"@type\":\"SearchAction\",\"target\":{\"@type\":\"EntryPoint\",\"urlTemplate\":\"https:\/\/meyland.be\/?s={search_term_string}\"},\"query-input\":{\"@type\":\"PropertyValueSpecification\",\"valueRequired\":true,\"valueName\":\"search_term_string\"}}],\"inLanguage\":\"fr-FR\"},{\"@type\":\"Organization\",\"@id\":\"https:\/\/meyland.be\/#organization\",\"name\":\"Meyland\",\"url\":\"https:\/\/meyland.be\/\",\"logo\":{\"@type\":\"ImageObject\",\"inLanguage\":\"fr-FR\",\"@id\":\"https:\/\/meyland.be\/#\/schema\/logo\/image\/\",\"url\":\"https:\/\/meyland.be\/wp-content\/uploads\/2015\/03\/meyland_logo_metbaseline.jpg\",\"contentUrl\":\"https:\/\/meyland.be\/wp-content\/uploads\/2015\/03\/meyland_logo_metbaseline.jpg\",\"width\":299,\"height\":84,\"caption\":\"Meyland\"},\"image\":{\"@id\":\"https:\/\/meyland.be\/#\/schema\/logo\/image\/\"},\"sameAs\":[\"https:\/\/www.facebook.com\/MeylandNV\/\",\"https:\/\/www.linkedin.com\/company\/meyland-nv\",\"https:\/\/www.youtube.com\/channel\/UC3MZGN8LuupbJ-cVnm2E_EQ\"]}]}<\/script>\n<!-- \/ Yoast SEO plugin. -->","yoast_head_json":{"title":"Obial: des technologies de stockage du grain | Meyland","description":"Obial est une soci\u00e9t\u00e9 internationale de premier plan dans le domaine des technologies de stockage du grain.","robots":{"index":"index","follow":"follow","max-snippet":"max-snippet:-1","max-image-preview":"max-image-preview:large","max-video-preview":"max-video-preview:-1"},"canonical":"https:\/\/meyland.be\/fr\/divisions\/meyland_agro\/obial\/","og_locale":"fr_FR","og_type":"article","og_title":"Obial: des technologies de stockage du grain | Meyland","og_description":"Obial est une soci\u00e9t\u00e9 internationale de premier plan dans le domaine des technologies de stockage du grain.","og_url":"https:\/\/meyland.be\/fr\/divisions\/meyland_agro\/obial\/","og_site_name":"Meyland N.V.","article_publisher":"https:\/\/www.facebook.com\/MeylandNV\/","article_modified_time":"2025-05-26T09:18:53+00:00","og_image":[{"url":"https:\/\/meyland.be\/wp-content\/uploads\/2017\/08\/vlaksilo_obial_1-300x225.jpg","type":"","width":"","height":""}],"twitter_card":"summary_large_image","twitter_misc":{"Dur\u00e9e de lecture estim\u00e9e":"5 minutes"},"schema":{"@context":"https:\/\/schema.org","@graph":[{"@type":"WebPage","@id":"https:\/\/meyland.be\/fr\/divisions\/meyland_agro\/obial\/","url":"https:\/\/meyland.be\/fr\/divisions\/meyland_agro\/obial\/","name":"Obial: des technologies de stockage du grain | Meyland","isPartOf":{"@id":"https:\/\/meyland.be\/#website"},"primaryImageOfPage":{"@id":"https:\/\/meyland.be\/fr\/divisions\/meyland_agro\/obial\/#primaryimage"},"image":{"@id":"https:\/\/meyland.be\/fr\/divisions\/meyland_agro\/obial\/#primaryimage"},"thumbnailUrl":"https:\/\/meyland.be\/wp-content\/uploads\/2017\/08\/vlaksilo_obial_1-300x225.jpg","datePublished":"2017-08-21T10:12:41+00:00","dateModified":"2025-05-26T09:18:53+00:00","description":"Obial est une soci\u00e9t\u00e9 internationale de premier plan dans le domaine des technologies de stockage du grain.","breadcrumb":{"@id":"https:\/\/meyland.be\/fr\/divisions\/meyland_agro\/obial\/#breadcrumb"},"inLanguage":"fr-FR","potentialAction":[{"@type":"ReadAction","target":["https:\/\/meyland.be\/fr\/divisions\/meyland_agro\/obial\/"]}]},{"@type":"ImageObject","inLanguage":"fr-FR","@id":"https:\/\/meyland.be\/fr\/divisions\/meyland_agro\/obial\/#primaryimage","url":"https:\/\/meyland.be\/wp-content\/uploads\/2017\/08\/vlaksilo_obial_1-300x225.jpg","contentUrl":"https:\/\/meyland.be\/wp-content\/uploads\/2017\/08\/vlaksilo_obial_1-300x225.jpg"},{"@type":"BreadcrumbList","@id":"https:\/\/meyland.be\/fr\/divisions\/meyland_agro\/obial\/#breadcrumb","itemListElement":[{"@type":"ListItem","position":1,"name":"Home","item":"https:\/\/meyland.be\/fr\/"},{"@type":"ListItem","position":2,"name":"Divisions","item":"https:\/\/meyland.be\/divisies\/"},{"@type":"ListItem","position":3,"name":"Meyland Agro","item":"https:\/\/meyland.be\/fr\/divisions\/meyland_agro\/"},{"@type":"ListItem","position":4,"name":"Obial"}]},{"@type":"WebSite","@id":"https:\/\/meyland.be\/#website","url":"https:\/\/meyland.be\/","name":"Meyland N.V.","description":"We make the goods move","publisher":{"@id":"https:\/\/meyland.be\/#organization"},"potentialAction":[{"@type":"SearchAction","target":{"@type":"EntryPoint","urlTemplate":"https:\/\/meyland.be\/?s={search_term_string}"},"query-input":{"@type":"PropertyValueSpecification","valueRequired":true,"valueName":"search_term_string"}}],"inLanguage":"fr-FR"},{"@type":"Organization","@id":"https:\/\/meyland.be\/#organization","name":"Meyland","url":"https:\/\/meyland.be\/","logo":{"@type":"ImageObject","inLanguage":"fr-FR","@id":"https:\/\/meyland.be\/#\/schema\/logo\/image\/","url":"https:\/\/meyland.be\/wp-content\/uploads\/2015\/03\/meyland_logo_metbaseline.jpg","contentUrl":"https:\/\/meyland.be\/wp-content\/uploads\/2015\/03\/meyland_logo_metbaseline.jpg","width":299,"height":84,"caption":"Meyland"},"image":{"@id":"https:\/\/meyland.be\/#\/schema\/logo\/image\/"},"sameAs":["https:\/\/www.facebook.com\/MeylandNV\/","https:\/\/www.linkedin.com\/company\/meyland-nv","https:\/\/www.youtube.com\/channel\/UC3MZGN8LuupbJ-cVnm2E_EQ"]}]}},"_links":{"self":[{"href":"https:\/\/meyland.be\/fr\/wp-json\/wp\/v2\/pages\/1066","targetHints":{"allow":["GET"]}}],"collection":[{"href":"https:\/\/meyland.be\/fr\/wp-json\/wp\/v2\/pages"}],"about":[{"href":"https:\/\/meyland.be\/fr\/wp-json\/wp\/v2\/types\/page"}],"author":[{"embeddable":true,"href":"https:\/\/meyland.be\/fr\/wp-json\/wp\/v2\/users\/3"}],"replies":[{"embeddable":true,"href":"https:\/\/meyland.be\/fr\/wp-json\/wp\/v2\/comments?post=1066"}],"version-history":[{"count":6,"href":"https:\/\/meyland.be\/fr\/wp-json\/wp\/v2\/pages\/1066\/revisions"}],"predecessor-version":[{"id":26100,"href":"https:\/\/meyland.be\/fr\/wp-json\/wp\/v2\/pages\/1066\/revisions\/26100"}],"up":[{"embeddable":true,"href":"https:\/\/meyland.be\/fr\/wp-json\/wp\/v2\/pages\/1053"}],"wp:attachment":[{"href":"https:\/\/meyland.be\/fr\/wp-json\/wp\/v2\/media?parent=1066"}],"curies":[{"name":"wp","href":"https:\/\/api.w.org\/{rel}","templated":true}]}}